{"id":5305,"date":"2024-04-20T08:50:04","date_gmt":"2024-04-20T08:50:04","guid":{"rendered":"https:\/\/uodakhla.org\/fr\/?page_id=5305"},"modified":"2024-04-20T09:27:48","modified_gmt":"2024-04-20T09:27:48","slug":"activites","status":"publish","type":"page","link":"https:\/\/uodakhla.org\/fr\/activites\/","title":{"rendered":"Activit\u00e9s"},"content":{"rendered":"<p><div class=\"fusion-fullwidth fullwidth-box fusion-builder-row-1 fusion-flex-container has-pattern-background has-mask-background nonhundred-percent-fullwidth non-hundred-percent-height-scrolling\" style=\"--awb-border-radius-top-left:0px;--awb-border-radius-top-right:0px;--awb-border-radius-bottom-right:0px;--awb-border-radius-bottom-left:0px;--awb-flex-wrap:wrap;\" ><div class=\"fusion-builder-row fusion-row fusion-flex-align-items-flex-start fusion-flex-content-wrap\" style=\"max-width:1248px;margin-left: calc(-4% \/ 2 );margin-right: calc(-4% \/ 2 );\"><div class=\"fusion-layout-column fusion_builder_column fusion-builder-column-0 fusion_builder_column_1_4 1_4 fusion-flex-column\" style=\"--awb-bg-size:cover;--awb-width-large:25%;--awb-margin-top-large:0px;--awb-spacing-right-large:7.68%;--awb-margin-bottom-large:20px;--awb-spacing-left-large:7.68%;--awb-width-medium:25%;--awb-order-medium:0;--awb-spacing-right-medium:7.68%;--awb-spacing-left-medium:7.68%;--awb-width-small:100%;--awb-order-small:0;--awb-spacing-right-small:1.92%;--awb-spacing-left-small:1.92%;\"><div class=\"fusion-column-wrapper fusion-column-has-shadow fusion-flex-justify-content-flex-start fusion-content-layout-column\"><div class=\"fusion-text fusion-text-1\"><h4 style=\"text-align: center;\"><span style=\"color: #008000;\"><strong>2009<\/strong><\/span><\/h4>\n<p style=\"text-align: center;\"><span style=\"color: #008000;\"><strong>Rencontre internationale de lancement<\/strong><\/span><\/p>\n<ul>\n<li style=\"text-align: left;\">Th\u00e8me\u00a0:\u00a0<strong>Comp\u00e9titivit\u00e9 et accumulation des comp\u00e9tences dans la mondialisation, comparaisons internationales<\/strong><\/li>\n<li style=\"text-align: left;\">150 participants<\/li>\n<li style=\"text-align: left;\">20 experts<\/li>\n<li style=\"text-align: left;\">Nombre de pays\u00a0: 15<\/li>\n<li style=\"text-align: left;\"><strong>Ann\u00e9e de cr\u00e9ation : 2010<\/strong><\/li>\n<\/ul>\n<\/div><\/div><\/div><div class=\"fusion-layout-column fusion_builder_column fusion-builder-column-1 fusion_builder_column_1_4 1_4 fusion-flex-column\" style=\"--awb-bg-size:cover;--awb-width-large:25%;--awb-margin-top-large:0px;--awb-spacing-right-large:7.68%;--awb-margin-bottom-large:20px;--awb-spacing-left-large:7.68%;--awb-width-medium:25%;--awb-order-medium:0;--awb-spacing-right-medium:7.68%;--awb-spacing-left-medium:7.68%;--awb-width-small:100%;--awb-order-small:0;--awb-spacing-right-small:1.92%;--awb-spacing-left-small:1.92%;\"><div class=\"fusion-column-wrapper fusion-column-has-shadow fusion-flex-justify-content-flex-start fusion-content-layout-column\"><div class=\"fusion-text fusion-text-2\"><h4 style=\"text-align: center;\"><span style=\"color: #008000;\">2011<\/span><\/h4>\n<p style=\"text-align: center;\"><span style=\"color: #008000;\"><strong>1e Rencontre Internationale de Dakhla<\/strong><\/span><\/p>\n<ul>\n<li>Th\u00e8me\u00a0:\u00a0<strong>Intelligence territoriale et d\u00e9veloppement r\u00e9gional par l\u2019entreprise, exp\u00e9riences internationales compar\u00e9es<\/strong><\/li>\n<li>Nombre de participants\u00a0: 150<\/li>\n<li>Nombre d\u2019experts\u00a0: 25<\/li>\n<li>Nombre de pays\u00a0: 25<\/li>\n<\/ul>\n<\/div><\/div><\/div><div class=\"fusion-layout-column fusion_builder_column fusion-builder-column-2 fusion_builder_column_1_4 1_4 fusion-flex-column\" style=\"--awb-bg-size:cover;--awb-width-large:25%;--awb-margin-top-large:0px;--awb-spacing-right-large:7.68%;--awb-margin-bottom-large:20px;--awb-spacing-left-large:7.68%;--awb-width-medium:25%;--awb-order-medium:0;--awb-spacing-right-medium:7.68%;--awb-spacing-left-medium:7.68%;--awb-width-small:100%;--awb-order-small:0;--awb-spacing-right-small:1.92%;--awb-spacing-left-small:1.92%;\"><div class=\"fusion-column-wrapper fusion-column-has-shadow fusion-flex-justify-content-flex-start fusion-content-layout-column\"><div class=\"fusion-text fusion-text-3\"><h4 style=\"text-align: center;\"><span style=\"color: #008000;\">2013<\/span><\/h4>\n<p style=\"text-align: center;\"><span style=\"color: #008000;\"><strong>2e<\/strong>\u00a0<strong>Rencontre Internationale de Dakhla<\/strong><\/span><\/p>\n<ul>\n<li>Th\u00e8me\u00a0:\u00a0<strong>Int\u00e9grations r\u00e9gionales et prospective des territoires, comparaisons internationales<\/strong><\/li>\n<li>Nombre de participant\u00a0: 200<\/li>\n<li>Nombre d\u2019experts\u00a0: 27<\/li>\n<li>Nombre de pays\u00a0: 20<\/li>\n<\/ul>\n<\/div><\/div><\/div><div class=\"fusion-layout-column fusion_builder_column fusion-builder-column-3 fusion_builder_column_1_4 1_4 fusion-flex-column\" style=\"--awb-bg-size:cover;--awb-width-large:25%;--awb-margin-top-large:0px;--awb-spacing-right-large:7.68%;--awb-margin-bottom-large:20px;--awb-spacing-left-large:7.68%;--awb-width-medium:25%;--awb-order-medium:0;--awb-spacing-right-medium:7.68%;--awb-spacing-left-medium:7.68%;--awb-width-small:100%;--awb-order-small:0;--awb-spacing-right-small:1.92%;--awb-spacing-left-small:1.92%;\"><div class=\"fusion-column-wrapper fusion-column-has-shadow fusion-flex-justify-content-flex-start fusion-content-layout-column\"><div class=\"fusion-text fusion-text-4\"><h4 style=\"text-align: center;\"><span style=\"color: #008000;\">2015<\/span><\/h4>\n<p style=\"text-align: center;\"><span style=\"color: #008000;\"><strong>3e Rencontre Internationale de Dakhla<\/strong><\/span><\/p>\n<ul>\n<li>Th\u00e8me\u00a0:\u00a0<strong>Les nouveaux territoires \u00e9conomiques, acteurs et facteurs de l\u2019\u00e9mergence, comparaisons internationales<\/strong><\/li>\n<li>Nombre de participants\u00a0: 250<\/li>\n<li>Nombre d\u2019experts\u00a0: 43<\/li>\n<li>Nombre de pays\u00a0: 25<\/li>\n<\/ul>\n<\/div><\/div><\/div><\/div><\/div><div class=\"fusion-fullwidth fullwidth-box fusion-builder-row-2 fusion-flex-container has-pattern-background has-mask-background nonhundred-percent-fullwidth non-hundred-percent-height-scrolling\" style=\"--awb-border-radius-top-left:0px;--awb-border-radius-top-right:0px;--awb-border-radius-bottom-right:0px;--awb-border-radius-bottom-left:0px;--awb-flex-wrap:wrap;\" ><div class=\"fusion-builder-row fusion-row fusion-flex-align-items-flex-start fusion-flex-content-wrap\" style=\"max-width:1248px;margin-left: calc(-4% \/ 2 );margin-right: calc(-4% \/ 2 );\"><div class=\"fusion-layout-column fusion_builder_column fusion-builder-column-4 fusion_builder_column_1_4 1_4 fusion-flex-column\" style=\"--awb-bg-size:cover;--awb-width-large:25%;--awb-margin-top-large:0px;--awb-spacing-right-large:7.68%;--awb-margin-bottom-large:20px;--awb-spacing-left-large:7.68%;--awb-width-medium:25%;--awb-order-medium:0;--awb-spacing-right-medium:7.68%;--awb-spacing-left-medium:7.68%;--awb-width-small:100%;--awb-order-small:0;--awb-spacing-right-small:1.92%;--awb-spacing-left-small:1.92%;\"><div class=\"fusion-column-wrapper fusion-column-has-shadow fusion-flex-justify-content-flex-start fusion-content-layout-column\"><div class=\"fusion-text fusion-text-5\"><h4 style=\"text-align: center;\"><span style=\"color: #008000;\">2016<\/span><\/h4>\n<p style=\"text-align: center;\"><span style=\"color: #008000;\"><strong>4e Rencontre Internationale de Dakhla<\/strong><\/span><\/p>\n<ul>\n<li>Th\u00e8me\u00a0:\u00a0<strong>les jeunes du monde et le d\u00e9veloppement durable<\/strong><\/li>\n<li>Nombre de participants\u00a0: 350<\/li>\n<li>Nombre d\u2019experts\u00a0: 10<\/li>\n<li>Nombre de pays\u00a0: 90, dont 35 d\u2019Afrique<\/li>\n<\/ul>\n<\/div><\/div><\/div><div class=\"fusion-layout-column fusion_builder_column fusion-builder-column-5 fusion_builder_column_1_4 1_4 fusion-flex-column\" style=\"--awb-bg-size:cover;--awb-width-large:25%;--awb-margin-top-large:0px;--awb-spacing-right-large:7.68%;--awb-margin-bottom-large:20px;--awb-spacing-left-large:7.68%;--awb-width-medium:25%;--awb-order-medium:0;--awb-spacing-right-medium:7.68%;--awb-spacing-left-medium:7.68%;--awb-width-small:100%;--awb-order-small:0;--awb-spacing-right-small:1.92%;--awb-spacing-left-small:1.92%;\"><div class=\"fusion-column-wrapper fusion-column-has-shadow fusion-flex-justify-content-flex-start fusion-content-layout-column\"><div class=\"fusion-text fusion-text-6\"><h4 style=\"text-align: center;\"><span style=\"color: #008000;\">2017<\/span><\/h4>\n<p style=\"text-align: center;\"><span style=\"color: #008000;\"><strong>5e Rencontre Internationale de Dakhla<\/strong><\/span><\/p>\n<ul>\n<li>Th\u00e8me\u00a0:\u00a0<strong>La Nouvelle Economie Mondiale, comparaisons internationales<\/strong><\/li>\n<li>Nombre de participant\u00a0: 250<\/li>\n<li>Nombre d\u2019experts\u00a0: 49<\/li>\n<li>Nombre de pays\u00a0: 28<\/li>\n<\/ul>\n<\/div><\/div><\/div><div class=\"fusion-layout-column fusion_builder_column fusion-builder-column-6 fusion_builder_column_1_4 1_4 fusion-flex-column\" style=\"--awb-bg-size:cover;--awb-width-large:25%;--awb-margin-top-large:0px;--awb-spacing-right-large:7.68%;--awb-margin-bottom-large:20px;--awb-spacing-left-large:7.68%;--awb-width-medium:25%;--awb-order-medium:0;--awb-spacing-right-medium:7.68%;--awb-spacing-left-medium:7.68%;--awb-width-small:100%;--awb-order-small:0;--awb-spacing-right-small:1.92%;--awb-spacing-left-small:1.92%;\"><div class=\"fusion-column-wrapper fusion-column-has-shadow fusion-flex-justify-content-flex-start fusion-content-layout-column\"><div class=\"fusion-text fusion-text-7\"><h4 style=\"text-align: center;\"><span style=\"color: #008000;\">2018<\/span><\/h4>\n<p style=\"text-align: center;\"><span style=\"color: #008000;\"><strong>1e Rencontre du Forum des Associations Africaines d\u2019Intelligence Economique cr\u00e9e par l\u2019Universit\u00e9 Ouverte de Dakhla<\/strong><\/span><\/p>\n<ul>\n<li>Th\u00e8me\u00a0:\u00a0<strong>L\u2019Intelligence \u00e9conomique en Afrique, Exp\u00e9riences nationales et partenariats africains<\/strong><\/li>\n<li>Nombre de participants\u00a0: 100<\/li>\n<li>Nombre d\u2019experts\u00a0: 25 Africains<\/li>\n<li>Nombre de pays\u00a0: 18<\/li>\n<\/ul>\n<\/div><\/div><\/div><div class=\"fusion-layout-column fusion_builder_column fusion-builder-column-7 fusion_builder_column_1_4 1_4 fusion-flex-column\" style=\"--awb-bg-size:cover;--awb-width-large:25%;--awb-margin-top-large:0px;--awb-spacing-right-large:7.68%;--awb-margin-bottom-large:20px;--awb-spacing-left-large:7.68%;--awb-width-medium:25%;--awb-order-medium:0;--awb-spacing-right-medium:7.68%;--awb-spacing-left-medium:7.68%;--awb-width-small:100%;--awb-order-small:0;--awb-spacing-right-small:1.92%;--awb-spacing-left-small:1.92%;\"><div class=\"fusion-column-wrapper fusion-column-has-shadow fusion-flex-justify-content-flex-start fusion-content-layout-column\"><div class=\"fusion-text fusion-text-8\"><h4 style=\"text-align: center;\"><span style=\"color: #008000;\">2018<\/span><\/h4>\n<p style=\"text-align: center;\"><span style=\"color: #008000;\"><strong>2e<\/strong>\u00a0<strong>Rencontre du Forum des Associations Africaines d\u2019Intelligence Economique cr\u00e9e par l\u2019Universit\u00e9 Ouverte de Dakhla<\/strong><\/span><\/p>\n<ul>\n<li>Th\u00e8me\u00a0:\u00a0<strong>Intelligence \u00e9conomique et prospective des territoires Afrique<\/strong><\/li>\n<li>Nombre de participants\u00a0: 150<\/li>\n<li>Nombre d\u2019experts\u00a0: 30 Africains<\/li>\n<li>Nombre de pays\u00a0: 23<\/li>\n<\/ul>\n<\/div><\/div><\/div><\/div><\/div><div class=\"fusion-fullwidth fullwidth-box fusion-builder-row-3 fusion-flex-container has-pattern-background has-mask-background nonhundred-percent-fullwidth non-hundred-percent-height-scrolling\" style=\"--awb-border-radius-top-left:0px;--awb-border-radius-top-right:0px;--awb-border-radius-bottom-right:0px;--awb-border-radius-bottom-left:0px;--awb-flex-wrap:wrap;\" ><div class=\"fusion-builder-row fusion-row fusion-flex-align-items-flex-start fusion-flex-content-wrap\" style=\"max-width:1248px;margin-left: calc(-4% \/ 2 );margin-right: calc(-4% \/ 2 );\"><div class=\"fusion-layout-column fusion_builder_column fusion-builder-column-8 fusion_builder_column_1_4 1_4 fusion-flex-column\" style=\"--awb-bg-size:cover;--awb-width-large:25%;--awb-margin-top-large:0px;--awb-spacing-right-large:7.68%;--awb-margin-bottom-large:20px;--awb-spacing-left-large:7.68%;--awb-width-medium:25%;--awb-order-medium:0;--awb-spacing-right-medium:7.68%;--awb-spacing-left-medium:7.68%;--awb-width-small:100%;--awb-order-small:0;--awb-spacing-right-small:1.92%;--awb-spacing-left-small:1.92%;\"><div class=\"fusion-column-wrapper fusion-column-has-shadow fusion-flex-justify-content-flex-start fusion-content-layout-column\"><div class=\"fusion-text fusion-text-9\"><h4 style=\"text-align: center;\"><span style=\"color: #008000;\">2019<\/span><\/h4>\n<p style=\"text-align: center;\"><span style=\"color: #008000;\"><strong>6e<\/strong>\u00a0<strong>Rencontre Internationale de Dakhla<\/strong><\/span><\/p>\n<ul>\n<li>Th\u00e8me\u00a0:\u00a0<strong>Repenser l\u2019Afrique au XXI \u00e8me si\u00e8cle<\/strong><\/li>\n<li>Nombre de participants\u00a0:300<\/li>\n<li>Nombre d\u2019experts\u00a0: 50<\/li>\n<li>Nombre de pays\u00a0:39<\/li>\n<\/ul>\n<\/div><\/div><\/div><div class=\"fusion-layout-column fusion_builder_column fusion-builder-column-9 fusion_builder_column_1_4 1_4 fusion-flex-column\" style=\"--awb-bg-size:cover;--awb-width-large:25%;--awb-margin-top-large:0px;--awb-spacing-right-large:7.68%;--awb-margin-bottom-large:20px;--awb-spacing-left-large:7.68%;--awb-width-medium:25%;--awb-order-medium:0;--awb-spacing-right-medium:7.68%;--awb-spacing-left-medium:7.68%;--awb-width-small:100%;--awb-order-small:0;--awb-spacing-right-small:1.92%;--awb-spacing-left-small:1.92%;\"><div class=\"fusion-column-wrapper fusion-column-has-shadow fusion-flex-justify-content-flex-start fusion-content-layout-column\"><div class=\"fusion-text fusion-text-10\"><h4 style=\"text-align: center;\"><span style=\"color: #008000;\">2022<\/span><\/h4>\n<p style=\"text-align: center;\"><strong><span style=\"color: #008000;\">la Premi\u00e8re Edition du Campus International d\u2019Excellence<\/span><\/strong><\/p>\n<ul>\n<li>Th\u00e8me : <strong>Le r\u00f4le de la connaissance, de la science et de l\u2019\u00e9ducation dans la construction d\u2019un Monde Nouveau<\/strong><\/li>\n<li>Nombre de participant : 300<\/li>\n<li>Nombre d\u2019experts\u00a0: 49<\/li>\n<li>Nombre de pays : 37<\/li>\n<\/ul>\n<\/div><\/div><\/div><div class=\"fusion-layout-column fusion_builder_column fusion-builder-column-10 fusion_builder_column_1_4 1_4 fusion-flex-column\" style=\"--awb-bg-size:cover;--awb-width-large:25%;--awb-margin-top-large:0px;--awb-spacing-right-large:7.68%;--awb-margin-bottom-large:20px;--awb-spacing-left-large:7.68%;--awb-width-medium:25%;--awb-order-medium:0;--awb-spacing-right-medium:7.68%;--awb-spacing-left-medium:7.68%;--awb-width-small:100%;--awb-order-small:0;--awb-spacing-right-small:1.92%;--awb-spacing-left-small:1.92%;\"><div class=\"fusion-column-wrapper fusion-column-has-shadow fusion-flex-justify-content-flex-start fusion-content-layout-column\"><div class=\"fusion-text fusion-text-11\"><h4 style=\"text-align: center;\"><span style=\"color: #008000;\">2022<\/span><\/h4>\n<p style=\"text-align: center;\"><span style=\"color: #008000;\"><strong>3e Rencontre du Forum des Associations Africaines d\u2019Intelligence Economique<\/strong><\/span><\/p>\n<ul>\n<li>Th\u00e8me\u00a0:\u00a0<strong>L&rsquo;Afrique de l&rsquo;innovation, politiques nationales et partenariats panafricains<\/strong><\/li>\n<li>Nombre de participant\u00a0: 250<\/li>\n<li>Nombre d\u2019experts\u00a0: 49<\/li>\n<li>Nombre de pays : 37<\/li>\n<\/ul>\n<\/div><\/div><\/div><div class=\"fusion-layout-column fusion_builder_column fusion-builder-column-11 fusion_builder_column_1_4 1_4 fusion-flex-column\" style=\"--awb-bg-size:cover;--awb-width-large:25%;--awb-margin-top-large:0px;--awb-spacing-right-large:7.68%;--awb-margin-bottom-large:20px;--awb-spacing-left-large:7.68%;--awb-width-medium:25%;--awb-order-medium:0;--awb-spacing-right-medium:7.68%;--awb-spacing-left-medium:7.68%;--awb-width-small:100%;--awb-order-small:0;--awb-spacing-right-small:1.92%;--awb-spacing-left-small:1.92%;\"><div class=\"fusion-column-wrapper fusion-column-has-shadow fusion-flex-justify-content-flex-start fusion-content-layout-column\"><div class=\"fusion-text fusion-text-12\"><h4 style=\"text-align: center;\"><span style=\"color: #008000;\">2018<\/span><\/h4>\n<p style=\"text-align: center;\"><span style=\"color: #008000;\"><strong>2e<\/strong>\u00a0<strong>Rencontre du Forum des Associations Africaines d\u2019Intelligence Economique cr\u00e9e par l\u2019Universit\u00e9 Ouverte de Dakhla<\/strong><\/span><\/p>\n<ul>\n<li>Th\u00e8me\u00a0:\u00a0<strong>Intelligence \u00e9conomique et prospective des territoires Afrique<\/strong><\/li>\n<li>Nombre de participants\u00a0: 150<\/li>\n<li>Nombre d\u2019experts\u00a0: 30 Africains<\/li>\n<li>Nombre de pays\u00a0: 23<\/li>\n<\/ul>\n<\/div><\/div><\/div><\/div><\/div><\/p>\n","protected":false},"excerpt":{"rendered":"","protected":false},"author":1,"featured_media":0,"parent":0,"menu_order":0,"comment_status":"closed","ping_status":"closed","template":"","meta":{"footnotes":""},"class_list":["post-5305","page","type-page","status-publish","hentry"],"yoast_head":"<!-- This site is optimized with the Yoast SEO Premium plugin v18.1 (Yoast SEO v27.4) - https:\/\/yoast.com\/product\/yoast-seo-premium-wordpress\/ -->\n<title>Activit\u00e9s - Universit\u00e9 Ouverte de Dakhla<\/title>\n<meta name=\"robots\" content=\"index, follow, max-snippet:-1, max-image-preview:large, max-video-preview:-1\" \/>\n<link rel=\"canonical\" href=\"https:\/\/uodakhla.org\/fr\/activites\/\" \/>\n<meta property=\"og:locale\" content=\"fr_FR\" \/>\n<meta property=\"og:type\" content=\"article\" \/>\n<meta property=\"og:title\" content=\"Activit\u00e9s\" \/>\n<meta property=\"og:url\" content=\"https:\/\/uodakhla.org\/fr\/activites\/\" \/>\n<meta property=\"og:site_name\" content=\"Universit\u00e9 Ouverte de Dakhla\" \/>\n<meta property=\"article:modified_time\" content=\"2024-04-20T09:27:48+00:00\" \/>\n<meta name=\"twitter:card\" content=\"summary_large_image\" \/>\n<meta name=\"twitter:label1\" content=\"Dur\u00e9e de lecture estim\u00e9e\" \/>\n\t<meta name=\"twitter:data1\" content=\"2 minutes\" \/>\n<script type=\"application\/ld+json\" class=\"yoast-schema-graph\">{\"@context\":\"https:\\\/\\\/schema.org\",\"@graph\":[{\"@type\":\"WebPage\",\"@id\":\"https:\\\/\\\/uodakhla.org\\\/fr\\\/activites\\\/\",\"url\":\"https:\\\/\\\/uodakhla.org\\\/fr\\\/activites\\\/\",\"name\":\"Activit\u00e9s - Universit\u00e9 Ouverte de Dakhla\",\"isPartOf\":{\"@id\":\"https:\\\/\\\/uodakhla.org\\\/fr\\\/#website\"},\"datePublished\":\"2024-04-20T08:50:04+00:00\",\"dateModified\":\"2024-04-20T09:27:48+00:00\",\"breadcrumb\":{\"@id\":\"https:\\\/\\\/uodakhla.org\\\/fr\\\/activites\\\/#breadcrumb\"},\"inLanguage\":\"fr-FR\",\"potentialAction\":[{\"@type\":\"ReadAction\",\"target\":[\"https:\\\/\\\/uodakhla.org\\\/fr\\\/activites\\\/\"]}]},{\"@type\":\"BreadcrumbList\",\"@id\":\"https:\\\/\\\/uodakhla.org\\\/fr\\\/activites\\\/#breadcrumb\",\"itemListElement\":[{\"@type\":\"ListItem\",\"position\":1,\"name\":\"Accueil\",\"item\":\"https:\\\/\\\/uodakhla.org\\\/fr\\\/\"},{\"@type\":\"ListItem\",\"position\":2,\"name\":\"Activit\u00e9s\"}]},{\"@type\":\"WebSite\",\"@id\":\"https:\\\/\\\/uodakhla.org\\\/fr\\\/#website\",\"url\":\"https:\\\/\\\/uodakhla.org\\\/fr\\\/\",\"name\":\"Universit\u00e9 Ouverte de Dakhla\",\"description\":\"Universit\u00e9 Ouverte de Dakhla\",\"publisher\":{\"@id\":\"https:\\\/\\\/uodakhla.org\\\/fr\\\/#organization\"},\"potentialAction\":[{\"@type\":\"SearchAction\",\"target\":{\"@type\":\"EntryPoint\",\"urlTemplate\":\"https:\\\/\\\/uodakhla.org\\\/fr\\\/?s={search_term_string}\"},\"query-input\":{\"@type\":\"PropertyValueSpecification\",\"valueRequired\":true,\"valueName\":\"search_term_string\"}}],\"inLanguage\":\"fr-FR\"},{\"@type\":\"Organization\",\"@id\":\"https:\\\/\\\/uodakhla.org\\\/fr\\\/#organization\",\"name\":\"Universit\u00e9 Ouverte de Dakhla\",\"url\":\"https:\\\/\\\/uodakhla.org\\\/fr\\\/\",\"logo\":{\"@type\":\"ImageObject\",\"inLanguage\":\"fr-FR\",\"@id\":\"https:\\\/\\\/uodakhla.org\\\/fr\\\/#\\\/schema\\\/logo\\\/image\\\/\",\"url\":\"https:\\\/\\\/uodakhla.org\\\/fr\\\/wp-content\\\/uploads\\\/2021\\\/07\\\/UOD-logo-_expanded.jpg\",\"contentUrl\":\"https:\\\/\\\/uodakhla.org\\\/fr\\\/wp-content\\\/uploads\\\/2021\\\/07\\\/UOD-logo-_expanded.jpg\",\"width\":894,\"height\":904,\"caption\":\"Universit\u00e9 Ouverte de Dakhla\"},\"image\":{\"@id\":\"https:\\\/\\\/uodakhla.org\\\/fr\\\/#\\\/schema\\\/logo\\\/image\\\/\"}}]}<\/script>\n<!-- \/ Yoast SEO Premium plugin. -->","yoast_head_json":{"title":"Activit\u00e9s - Universit\u00e9 Ouverte de Dakhla","robots":{"index":"index","follow":"follow","max-snippet":"max-snippet:-1","max-image-preview":"max-image-preview:large","max-video-preview":"max-video-preview:-1"},"canonical":"https:\/\/uodakhla.org\/fr\/activites\/","og_locale":"fr_FR","og_type":"article","og_title":"Activit\u00e9s","og_url":"https:\/\/uodakhla.org\/fr\/activites\/","og_site_name":"Universit\u00e9 Ouverte de Dakhla","article_modified_time":"2024-04-20T09:27:48+00:00","twitter_card":"summary_large_image","twitter_misc":{"Dur\u00e9e de lecture estim\u00e9e":"2 minutes"},"schema":{"@context":"https:\/\/schema.org","@graph":[{"@type":"WebPage","@id":"https:\/\/uodakhla.org\/fr\/activites\/","url":"https:\/\/uodakhla.org\/fr\/activites\/","name":"Activit\u00e9s - Universit\u00e9 Ouverte de Dakhla","isPartOf":{"@id":"https:\/\/uodakhla.org\/fr\/#website"},"datePublished":"2024-04-20T08:50:04+00:00","dateModified":"2024-04-20T09:27:48+00:00","breadcrumb":{"@id":"https:\/\/uodakhla.org\/fr\/activites\/#breadcrumb"},"inLanguage":"fr-FR","potentialAction":[{"@type":"ReadAction","target":["https:\/\/uodakhla.org\/fr\/activites\/"]}]},{"@type":"BreadcrumbList","@id":"https:\/\/uodakhla.org\/fr\/activites\/#breadcrumb","itemListElement":[{"@type":"ListItem","position":1,"name":"Accueil","item":"https:\/\/uodakhla.org\/fr\/"},{"@type":"ListItem","position":2,"name":"Activit\u00e9s"}]},{"@type":"WebSite","@id":"https:\/\/uodakhla.org\/fr\/#website","url":"https:\/\/uodakhla.org\/fr\/","name":"Universit\u00e9 Ouverte de Dakhla","description":"Universit\u00e9 Ouverte de Dakhla","publisher":{"@id":"https:\/\/uodakhla.org\/fr\/#organization"},"potentialAction":[{"@type":"SearchAction","target":{"@type":"EntryPoint","urlTemplate":"https:\/\/uodakhla.org\/fr\/?s={search_term_string}"},"query-input":{"@type":"PropertyValueSpecification","valueRequired":true,"valueName":"search_term_string"}}],"inLanguage":"fr-FR"},{"@type":"Organization","@id":"https:\/\/uodakhla.org\/fr\/#organization","name":"Universit\u00e9 Ouverte de Dakhla","url":"https:\/\/uodakhla.org\/fr\/","logo":{"@type":"ImageObject","inLanguage":"fr-FR","@id":"https:\/\/uodakhla.org\/fr\/#\/schema\/logo\/image\/","url":"https:\/\/uodakhla.org\/fr\/wp-content\/uploads\/2021\/07\/UOD-logo-_expanded.jpg","contentUrl":"https:\/\/uodakhla.org\/fr\/wp-content\/uploads\/2021\/07\/UOD-logo-_expanded.jpg","width":894,"height":904,"caption":"Universit\u00e9 Ouverte de Dakhla"},"image":{"@id":"https:\/\/uodakhla.org\/fr\/#\/schema\/logo\/image\/"}}]}},"_links":{"self":[{"href":"https:\/\/uodakhla.org\/fr\/wp-json\/wp\/v2\/pages\/5305","targetHints":{"allow":["GET"]}}],"collection":[{"href":"https:\/\/uodakhla.org\/fr\/wp-json\/wp\/v2\/pages"}],"about":[{"href":"https:\/\/uodakhla.org\/fr\/wp-json\/wp\/v2\/types\/page"}],"author":[{"embeddable":true,"href":"https:\/\/uodakhla.org\/fr\/wp-json\/wp\/v2\/users\/1"}],"replies":[{"embeddable":true,"href":"https:\/\/uodakhla.org\/fr\/wp-json\/wp\/v2\/comments?post=5305"}],"version-history":[{"count":17,"href":"https:\/\/uodakhla.org\/fr\/wp-json\/wp\/v2\/pages\/5305\/revisions"}],"predecessor-version":[{"id":5324,"href":"https:\/\/uodakhla.org\/fr\/wp-json\/wp\/v2\/pages\/5305\/revisions\/5324"}],"wp:attachment":[{"href":"https:\/\/uodakhla.org\/fr\/wp-json\/wp\/v2\/media?parent=5305"}],"curies":[{"name":"wp","href":"https:\/\/api.w.org\/{rel}","templated":true}]}}